{"id":224,"date":"2015-01-21T23:45:12","date_gmt":"2015-01-21T22:45:12","guid":{"rendered":"https:\/\/lpdordogne.wordpress.com\/?page_id=224"},"modified":"2024-01-06T23:39:26","modified_gmt":"2024-01-06T23:39:26","slug":"statuts-de-lassociation","status":"publish","type":"page","link":"https:\/\/www.lpdordogne.fr\/?page_id=224","title":{"rendered":"Statuts de l&rsquo;association"},"content":{"rendered":"<h3 style=\"text-align: center;\"><span style=\"font-family: tahoma, arial, helvetica, sans-serif;\"><strong>Statuts du Groupe Fred Zeller \u2013<\/strong><\/span><br \/><span style=\"font-family: tahoma, arial, helvetica, sans-serif;\"><strong>Association des Libres Penseurs de Dordogne<\/strong><\/span><\/h3>\n<p style=\"text-align: justify;\"><span style=\"font-family: tahoma, arial, helvetica, sans-serif;\"><span style=\"text-decoration: underline;\"><strong>Pr\u00e9ambule :<\/strong><\/span> Dans le pr\u00e9sent document, \u00ab l&rsquo;Association \u00bb d\u00e9signe le groupe Fred Zeller &#8211; Association des Libre Penseurs de Dordogne.<\/span><\/p>\n<p style=\"text-align: justify;\"><span style=\"text-decoration: underline; font-family: tahoma, arial, helvetica, sans-serif;\"><strong>Article 1 : D\u00e9nomination et dur\u00e9e :<\/strong><\/span><br \/><span style=\"font-family: tahoma, arial, helvetica, sans-serif;\">Il est constitu\u00e9 dans le d\u00e9partement de la Dordogne une association r\u00e9gie par la loi du<br \/>1 er juillet 1901 et le d\u00e9cret du 16 ao\u00fbt 1901, ayant pour titre : \u00ab Groupe Fred Zeller<br \/>Association de s Libres Penseurs de Dordogne \u00bb ou en abr\u00e9g\u00e9 Groupe Fred Zeller ou<br \/>GFZ.<br \/>Elle adh\u00e8re \u00e0 la F\u00e9d\u00e9ration Nationale de la Libre Pens\u00e9e (FNLP) dont le si\u00e8ge est situ\u00e9<br \/>10-12 rue des Foss\u00e9s St Jacques 75005 &#8211; PARIS.<br \/>La dur\u00e9e de l&rsquo;Association et le nombre de ses membres sont illimit\u00e9s.<\/span><\/p>\n<p style=\"text-align: justify;\"><span style=\"text-decoration: underline; font-family: tahoma, arial, helvetica, sans-serif;\"><strong>Article 2\u00a0&#8211; Objet social\u00a0:<\/strong><\/span><br \/><span style=\"font-family: tahoma, arial, helvetica, sans-serif;\">GFZ se r\u00e9clame de la raison et de la science.<\/span><br \/><span style=\"font-family: tahoma, arial, helvetica, sans-serif;\">Il n\u2019est pas un parti ; il est ind\u00e9pendant de tous les partis.<\/span><br \/><span style=\"font-family: tahoma, arial, helvetica, sans-serif;\">Il n\u2019est pas une \u00c9glise ; il n\u2019apporte aucun dogme.<\/span><\/p>\n<p style=\"text-align: justify;\"><span style=\"font-family: tahoma, arial, helvetica, sans-serif;\"><span style=\"text-decoration: underline;\">Pr\u00e9ambule : <\/span>\u00ab\u00a0L&rsquo;association\u00a0\u00bb valorise la raison, la pens\u00e9e critique, la science, le savoir et l&rsquo;avancement mat\u00e9riel, intellectuel, moral et humaniste de l&rsquo;humanit\u00e9.<\/span><\/p>\n<p style=\"text-align: justify;\"><span style=\"font-family: tahoma, arial, helvetica, sans-serif;\"><span style=\"text-decoration: underline;\">But :<\/span> L&rsquo;Association d\u00e9veloppe l&rsquo;esprit de libre examen et de tol\u00e9rance, d\u00e9fend la paix, les libert\u00e9s, les Droits de l&rsquo;Homme, et la la\u00efcit\u00e9 institutionnelle, d\u00e9nonce toutes les atteintes \u00e0 la la\u00efcit\u00e9 contraires \u00e0 la loi du 9 d\u00e9cembre 1905, institutionnelle, d\u00e9nonce toutes les atteintes \u00e0 la la\u00efcit\u00e9 de l\u2019\u00c9cole et de l\u2019\u00c9tat, contraires \u00e0 la loi du 9 d\u00e9cembre 1905.<\/span><br \/><span style=\"font-family: tahoma, arial, helvetica, sans-serif;\">L\u2019Association d\u00e9fend l\u2019enseignement public la\u00efque et la libert\u00e9 de l\u2019enseignement et, pour ce faire, combat pour que les fonds publics soient r\u00e9serv\u00e9s \u00e0 l\u2019enseignement public et des fonds priv\u00e9s \u00e0 l\u2019enseignement priv\u00e9 (qu\u2019il soit ou non confessionnel) et elle d\u00e9nonce toute action ill\u00e9gale contraire \u00e0 ce principe.<\/span><br \/><span style=\"font-family: tahoma, arial, helvetica, sans-serif;\">L\u2019Association combat les religions qui sont un frein \u00e0 l&rsquo;\u00e9mancipation de l&rsquo; Homme et de sa pens\u00e9e, conform\u00e9ment aux articles 2 et 2 bis des statuts de la F\u00e9d\u00e9ration Nationale de la Libre Pens\u00e9e.<\/span><\/p>\n<p style=\"text-align: justify;\"><span style=\"font-family: tahoma, arial, helvetica, sans-serif;\"><span style=\"text-decoration: underline;\">Moyens d&rsquo;action :<\/span>\u00a0L&rsquo;Association organise des r\u00e9unions d&rsquo;information, des conf\u00e9rences, des d\u00e9bats, des communiqu\u00e9s de presse, diffuse sa presse nationale et d\u00e9partementale et participe \u00e0 toute animation, \u00e0 toute action d&rsquo;\u00e9ducation populaire, publication, manifestation propres \u00e0 assurer la propagation de ses buts.<\/span><br \/><span style=\"font-family: tahoma, arial, helvetica, sans-serif;\">L\u2019Association entend utiliser tous les moyens n\u00e9cessaires, y compris les voies de recours devant les juridictions comp\u00e9tentes, pour interdire toute tentative de remise en cause directe ou indirecte de la la\u00efcit\u00e9 institutionnelle et de la s\u00e9paration des \u00c9glises et de l\u2019\u00c9tat, et pour interdire toute tentative de financement ill\u00e9gal par des fonds publics de l\u2019enseignement priv\u00e9 quel qu\u2019il soit (confessionnel ou autre).<\/span><\/p>\n<p><span style=\"text-decoration: underline; font-family: tahoma, arial, helvetica, sans-serif;\"><strong>Article 3 : Si\u00e8ge social :<\/strong> <\/span><br \/><span style=\"font-family: tahoma, arial, helvetica, sans-serif;\">Il est fix\u00e9 \u00e0 la Maison des associations, 12 cours F\u00e9nelon, 24000 P\u00e9rigueux.<\/span><\/p>\n<p style=\"text-align: justify;\"><span style=\"font-family: tahoma, arial, helvetica, sans-serif;\"><span style=\"text-decoration: underline;\"><strong>Article 4 : Rapport avec la F\u00e9d\u00e9ration Nationale<br \/><\/strong><\/span>L\u2019Association, dans ses rapports avec la F\u00e9d\u00e9ration nationale, est r\u00e9gie exclusivement par le f\u00e9d\u00e9ralisme qui garantit la totale libert\u00e9 d\u2019action, d\u2019opinion et d\u2019administration des groupements affili\u00e9s et de leurs adh\u00e9rents, en conformit\u00e9 avec l\u2019article 2 des pr\u00e9sents statuts.<\/span><\/p>\n<p><span style=\"text-decoration: underline; font-family: tahoma, arial, helvetica, sans-serif;\"><strong>Article 5 : Composition de l\u2019Association<\/strong><\/span><br \/><span style=\"font-family: tahoma, arial, helvetica, sans-serif;\">L&rsquo;Association se compose d\u2019adh\u00e9rents actifs et de membres bienfaiteurs :<\/span><\/p>\n<ol>\n<li style=\"text-align: justify;\"><span style=\"font-family: tahoma, arial, helvetica, sans-serif;\">sont adh\u00e9rents actifs ceux qui sont \u00e0 jour de leur cotisation annuelle. Ils ont<\/span><br \/><span style=\"font-family: tahoma, arial, helvetica, sans-serif;\">le droit de vote aux Assembl\u00e9es G\u00e9n\u00e9rales ;<\/span><\/li>\n<li style=\"text-align: justify;\"><span style=\"font-family: tahoma, arial, helvetica, sans-serif;\">sont membres bienfaiteurs ceux qui ont apport\u00e9 une contribution p\u00e9cuniaire<\/span><br \/><span style=\"font-family: tahoma, arial, helvetica, sans-serif;\">\u00e0 l\u2019Association mais ils n\u2019ont pas le droit de vote aux Assembl\u00e9es G\u00e9n\u00e9rales.<\/span><\/li>\n<\/ol>\n<p style=\"text-align: justify;\"><span style=\"font-family: tahoma, arial, helvetica, sans-serif;\">L&rsquo;admission est acquise apr\u00e8s approbation de la Commission Administrative qui statue sous huit jours. Les Libres Penseurs venant d&rsquo;une autre f\u00e9d\u00e9ration affili\u00e9e \u00e0 la FNLP seront imm\u00e9diatement admis au sein de l\u2019Association.<\/span><br \/><span style=\"font-family: tahoma, arial, helvetica, sans-serif;\">La qualit\u00e9 de membre se perd par :<\/span><\/p>\n<ul>\n<li style=\"text-align: justify;\"><span style=\"font-family: tahoma, arial, helvetica, sans-serif;\">Le d\u00e9c\u00e8s<\/span><\/li>\n<li style=\"text-align: justify;\"><span style=\"font-family: tahoma, arial, helvetica, sans-serif;\">La d\u00e9mission<\/span><\/li>\n<li style=\"text-align: justify;\"><span style=\"font-family: tahoma, arial, helvetica, sans-serif;\">La radiation prononc\u00e9e par la Commission Administrative pour non paiement de la cotisation ou pour des motifs graves. Le membre concern\u00e9 est <\/span><span style=\"font-family: tahoma, arial, helvetica, sans-serif;\">pr\u00e9alablement appel\u00e9 \u00e0 fournir ses explications.<\/span><\/li>\n<\/ul>\n<p style=\"text-align: justify;\"><span style=\"text-decoration: underline; font-family: tahoma, arial, helvetica, sans-serif;\"><strong>Articles 6 &#8211; Ressources<\/strong><\/span><br \/><span style=\"font-family: tahoma, arial, helvetica, sans-serif;\">Les ressources de \u00ab l&rsquo;association \u00bb se composent :<\/span><\/p>\n<ul>\n<li style=\"text-align: justify;\"><span style=\"font-family: tahoma, arial, helvetica, sans-serif;\">des cotisations d\u00e9partementales des membres actifs ;<\/span><\/li>\n<li><span style=\"font-family: tahoma, arial, helvetica, sans-serif;\">des contributions financi\u00e8res vers\u00e9es par les membres bienfaiteurs<\/span><\/li>\n<li><span style=\"font-family: tahoma, arial, helvetica, sans-serif;\">des ventes de revues ou de journaux internes<\/span><\/li>\n<li><span style=\"font-family: tahoma, arial, helvetica, sans-serif;\">des dons, legs et subventions que la Commission Administrative accepte ;<\/span><\/li>\n<li style=\"text-align: justify;\"><span style=\"font-family: tahoma, arial, helvetica, sans-serif;\">de toute ressource autoris\u00e9e par les lois et le r\u00e8glement int\u00e9rieur de l&rsquo;Association<\/span><\/li>\n<li><span style=\"font-family: tahoma, arial, helvetica, sans-serif;\">du produit des manifestations organis\u00e9es par l \u2019Association<\/span><\/li>\n<li><span style=\"font-family: tahoma, arial, helvetica, sans-serif;\">des dommages et int\u00e9r\u00eats obtenus en justice par la voie de l\u2019action civile.<\/span><br \/><br \/><\/li>\n<\/ul>\n<p style=\"text-align: justify;\"><span style=\"font-family: tahoma, arial, helvetica, sans-serif;\"><span style=\"text-decoration: underline;\"><strong>Article 7\u00a0&#8211; Administration\u00a0:<br \/><\/strong><\/span>Chaque Assembl\u00e9e G\u00e9n\u00e9rale (AG) est convoqu\u00e9e par le secr\u00e9taire ou le Bureau.<\/span><br \/><span style=\"font-family: tahoma, arial, helvetica, sans-serif;\">Chaque AG et chaque r\u00e9union de Commission Administrative font l&rsquo;objet d&rsquo;un proc\u00e8s-verbal.<\/span><br \/><span style=\"font-family: tahoma, arial, helvetica, sans-serif;\">Une premi\u00e8re AG des adh\u00e9rents est convoqu\u00e9e en d\u00e9but d&rsquo;ann\u00e9e civile, un mois \u00e0 l&rsquo;avance. Cette AG examine et vote le rapport moral et\/ou d&rsquo;orientation, le rapport d&rsquo;activit\u00e9 et le rapport financier et \u00e9lit un pr\u00e9sident et une Commission Administrative (CA) pour une dur\u00e9e d\u2019un an renouvelable.<\/span><br \/><span style=\"font-family: tahoma, arial, helvetica, sans-serif;\">Les candidats devront se pr\u00e9senter devant l&rsquo;AG en pr\u00e9cisant la fonction qu\u2019il veulent remplir.<\/span><br \/><span style=\"font-family: tahoma, arial, helvetica, sans-serif;\">Un vote sp\u00e9cial de l\u2019AG est r\u00e9serv\u00e9 \u00e0 l\u2019\u00e9lection du Pr\u00e9sident.<\/span><br \/><span style=\"font-family: tahoma, arial, helvetica, sans-serif;\">\u00c0 la suite de l\u2019AG, la CA pourra former un bureau compos\u00e9 du Pr\u00e9sident (\u00e9lu au pr\u00e9alable par l\u2019AG) et au moins d\u2019un secr\u00e9taire et d\u2019un tr\u00e9sorier pour une dur\u00e9e d\u2019une ann\u00e9e renouvelable.<\/span><br \/><span style=\"font-family: tahoma, arial, helvetica, sans-serif;\">Le secr\u00e9taire convoque une seconde AG des adh\u00e9rents, d\u00e8s que les documents nationaux relatifs au Congr\u00e8s national ou au Comit\u00e9 g\u00e9n\u00e9ral de la FNLP sont parvenus. Cette AG examine et vote ces diff\u00e9rents documents nationaux et \u00e9lit ses repr\u00e9sentants au Congr\u00e8s ou Comit\u00e9 g\u00e9n\u00e9ral, conform\u00e9ment aux statuts de la FNLP. Cette AG peut aussi se prononcer sur d&rsquo;autres documents s&rsquo;ils ont \u00e9t\u00e9 communiqu\u00e9s au moins 1 mois avant.<\/span><br \/><span style=\"font-family: tahoma, arial, helvetica, sans-serif;\">Une Assembl\u00e9e G\u00e9n\u00e9rale Extraordinaire pourra \u00eatre convoqu\u00e9e si n\u00e9cessaire dans\u00a0les conditions d\u00e9finies par le r\u00e8glement int\u00e9rieur.<\/span><\/p>\n<p style=\"text-align: justify;\"><span style=\"font-family: tahoma, arial, helvetica, sans-serif;\"><span style=\"text-decoration: underline;\"><strong>Article 8 : Administration<br \/><\/strong><\/span>Un r\u00e8glement int\u00e9rieur (RI) d\u00e9finit le r\u00f4le et les t\u00e2ches de la Commission Administrative et du Bureau. Des propositions de modifications du RI pourront \u00eatre formul\u00e9es par des membres de la CA, elles seront alors valid\u00e9es ou non par un vote en AG.<\/span><\/p>\n<p style=\"text-align: justify;\"><span style=\"font-family: tahoma, arial, helvetica, sans-serif;\"><span style=\"text-decoration: underline;\"><strong>Article 9 : Actions judiciaires<br \/><\/strong><\/span>Le pr\u00e9sident agit et repr\u00e9sente l&rsquo;Association devant les juridictions comp\u00e9tentes. \u00c0 d\u00e9faut, la CA d\u00e9signe \u00e0 cet effet un de ses membres ou un adh\u00e9rent.<\/span><\/p>\n<p style=\"text-align: justify;\"><span style=\"text-decoration: underline; font-family: tahoma, arial, helvetica, sans-serif;\"><strong>Article 10 : Modifications des statuts<\/strong> <\/span><br \/><span style=\"font-family: tahoma, arial, helvetica, sans-serif;\">Les statuts pourront \u00eatre modifi\u00e9s en AG par une d\u00e9cision vot\u00e9e par au moins deux tiers des adh\u00e9rents pr\u00e9sents ou repr\u00e9sent\u00e9s, les propositions de modification devront leur avoir \u00e9t\u00e9 communiqu\u00e9es au moins 1 mois avant la dite AG.<\/span><br \/><br \/><\/p>\n<p style=\"text-align: justify;\"><span style=\"font-family: tahoma, arial, helvetica, sans-serif;\"><span style=\"text-decoration: underline;\"><strong>Article 11 : Dissolution\u00a0<br \/><\/strong><\/span>En cas de dissolution prononc\u00e9e \u00e0 la majorit\u00e9 des deux tiers des pr\u00e9sents \u00e0 l&rsquo;AG, l&rsquo;actif et les archives seront attribu\u00e9s \u00e0 la F\u00e9d\u00e9ration Nationale de la Libre Pens\u00e9e.<\/span><\/p>\n<p style=\"text-align: center;\"><span style=\"font-family: tahoma, arial, helvetica, sans-serif;\">Fait \u00e0 P\u00e9rigueux le 29 janvier 2022<\/span><\/p>\n<p style=\"text-align: center;\">\u00a0<\/p>\n\n\n<p>La pr\u00e9sidente Dominique Attingr\u00e9<br>le secr\u00e9taire Jean-Claude Aubertin<\/p>\n","protected":false},"excerpt":{"rendered":"<p>Statuts du Groupe Fred Zeller \u2013Association des Libres Penseurs de Dordogne Pr\u00e9ambule : Dans le pr\u00e9sent document, \u00ab l&rsquo;Association \u00bb d\u00e9signe le groupe Fred Zeller &#8211; Association des Libre Penseurs de Dordogne. Article 1 : D\u00e9nomination et dur\u00e9e :Il est constitu\u00e9 dans le d\u00e9partement de la Dordogne une association r\u00e9gie par la loi du1 er &hellip; <a href=\"https:\/\/www.lpdordogne.fr\/?page_id=224\" class=\"more-link\">Continuer la lecture<span class=\"screen-reader-text\"> de &laquo;&nbsp;Statuts de l&rsquo;association&nbsp;&raquo;<\/span><\/a><\/p>\n","protected":false},"author":2,"featured_media":0,"parent":0,"menu_order":0,"comment_status":"closed","ping_status":"closed","template":"","meta":{"footnotes":""},"class_list":["post-224","page","type-page","status-publish","hentry"],"_links":{"self":[{"href":"https:\/\/www.lpdordogne.fr\/index.php?rest_route=\/wp\/v2\/pages\/224","targetHints":{"allow":["GET"]}}],"collection":[{"href":"https:\/\/www.lpdordogne.fr\/index.php?rest_route=\/wp\/v2\/pages"}],"about":[{"href":"https:\/\/www.lpdordogne.fr\/index.php?rest_route=\/wp\/v2\/types\/page"}],"author":[{"embeddable":true,"href":"https:\/\/www.lpdordogne.fr\/index.php?rest_route=\/wp\/v2\/users\/2"}],"replies":[{"embeddable":true,"href":"https:\/\/www.lpdordogne.fr\/index.php?rest_route=%2Fwp%2Fv2%2Fcomments&post=224"}],"version-history":[{"count":11,"href":"https:\/\/www.lpdordogne.fr\/index.php?rest_route=\/wp\/v2\/pages\/224\/revisions"}],"predecessor-version":[{"id":3185,"href":"https:\/\/www.lpdordogne.fr\/index.php?rest_route=\/wp\/v2\/pages\/224\/revisions\/3185"}],"wp:attachment":[{"href":"https:\/\/www.lpdordogne.fr\/index.php?rest_route=%2Fwp%2Fv2%2Fmedia&parent=224"}],"curies":[{"name":"wp","href":"https:\/\/api.w.org\/{rel}","templated":true}]}}